{"id":7868,"date":"2023-11-30T16:22:09","date_gmt":"2023-11-30T15:22:09","guid":{"rendered":"https:\/\/www.bcs-europe.nl\/product\/niet-gecategoriseerd\/recaro-monza-nova-2-seatfix-reha\/"},"modified":"2024-01-24T09:22:45","modified_gmt":"2024-01-24T08:22:45","slug":"recaro-monza-nova-2-seatfix-reha","status":"publish","type":"product","link":"https:\/\/www.bcs-europe.nl\/es\/producto\/geen-categorie\/recaro-monza-nova-2-seatfix-reha\/","title":{"rendered":"RECARO Monza Nova 2 Seatfix Reha"},"content":{"rendered":"","protected":false},"excerpt":{"rendered":"Tecnolog\u00eda progresiva, confort y seguridad \u00f3ptima unidos en un bello dise\u00f1o. He aqu\u00ed el nuevo RECARO Monza Nova Reha 2. El asiento ofrece una seguridad perfecta gracias a los elementos de absorci\u00f3n de energ\u00eda y el m\u00e1ximo confort de asiento gracias a un exclusivo sistema de ventilaci\u00f3n. Adem\u00e1s, el reposacabezas es ajustable en inclinaci\u00f3n para una posici\u00f3n \u00f3ptima para dormir, con un coj\u00edn de aire integrado que proporciona el m\u00e1ximo apoyo para la cabeza. Otra caracter\u00edstica pr\u00e1ctica es el compartimento para guardar, por ejemplo, un reproductor MP3.\n\nComo primicia mundial absoluta, la Monza Nova Reha 2 dispone de fijaci\u00f3n seatfix. El asiento puede fijarse a los puntos de anclaje isofix del autom\u00f3vil para una mayor estabilidad. NOTA: \u00a1\u00a1\u00a1Es obligatorio el uso del cintur\u00f3n de seguridad!!!\n\nEn comparaci\u00f3n con la versi\u00f3n est\u00e1ndar, el Monza Nova Reha 2 est\u00e1 equipado con acolchado lateral extra, un anclaje de 5 puntos con cubierta para la hebilla del cintur\u00f3n de seguridad y est\u00e1 preparado para varios accesorios. Estos diversos accesorios hacen que la Recaro Monza Nova Reha 2 sea a\u00fan m\u00e1s completa. Proporcionan a\u00fan m\u00e1s estabilidad, facilidad de uso y comodidad tanto para los padres como para el ni\u00f1o.","protected":false},"featured_media":8411,"template":"","meta":{"_acf_changed":false},"product_brand":[],"product_cat":[65],"product_tag":[],"class_list":{"0":"post-7868","1":"product","2":"type-product","3":"status-publish","4":"has-post-thumbnail","6":"product_cat-geen-categorie","8":"first","9":"instock","10":"taxable","11":"shipping-taxable","12":"purchasable","13":"product-type-simple"},"composite_virtual":false,"composite_layout":"","composite_add_to_cart_form_location":"","composite_editable_in_cart":false,"composite_sold_individually_context":"","composite_shop_price_calc":"","composite_components":[],"composite_scenarios":[],"exclude_global_add_ons":[],"addons":[],"acf":[],"yoast_head":null,"yoast_head_json":null,"_links":{"self":[{"href":"https:\/\/www.bcs-europe.nl\/es\/wp-json\/wp\/v2\/product\/7868","targetHints":{"allow":["GET"]}}],"collection":[{"href":"https:\/\/www.bcs-europe.nl\/es\/wp-json\/wp\/v2\/product"}],"about":[{"href":"https:\/\/www.bcs-europe.nl\/es\/wp-json\/wp\/v2\/types\/product"}],"wp:featuredmedia":[{"embeddable":true,"href":"https:\/\/www.bcs-europe.nl\/es\/wp-json\/wp\/v2\/media\/8411"}],"wp:attachment":[{"href":"https:\/\/www.bcs-europe.nl\/es\/wp-json\/wp\/v2\/media?parent=7868"}],"wp:term":[{"taxonomy":"product_brand","embeddable":true,"href":"https:\/\/www.bcs-europe.nl\/es\/wp-json\/wp\/v2\/product_brand?post=7868"},{"taxonomy":"product_cat","embeddable":true,"href":"https:\/\/www.bcs-europe.nl\/es\/wp-json\/wp\/v2\/product_cat?post=7868"},{"taxonomy":"product_tag","embeddable":true,"href":"https:\/\/www.bcs-europe.nl\/es\/wp-json\/wp\/v2\/product_tag?post=7868"}],"curies":[{"name":"wp","href":"https:\/\/api.w.org\/{rel}","templated":true}]}}